{"id":1175,"date":"2020-09-12T10:22:43","date_gmt":"2020-09-12T08:22:43","guid":{"rendered":"http:\/\/www.pawelbarczyk.pl\/?post_type=portfolio&#038;p=1175"},"modified":"2020-09-17T13:09:50","modified_gmt":"2020-09-17T11:09:50","slug":"parking-katowice","status":"publish","type":"portfolio","link":"https:\/\/www.pawelbarczyk.pl\/index.php\/portfolio\/parking-katowice\/","title":{"rendered":"PARKING KATOWICE"},"content":{"rendered":"<hr \/>\n<p><strong>autorzy:<\/strong> Pawe\u0142 Barczyk, Andrzej Duda<br \/>\n<strong>wsp\u00f3\u0142praca:<\/strong> Justyna Chowaniec, Katarzyna Kotulska<br \/>\n<strong>konstrukcja:<\/strong> Witold Doryk<br \/>\n<strong>lokalizacja:<\/strong> Strefa kultury &#8211; Katowice, Polska<br \/>\n<strong>projekt:<\/strong> 2020<br \/>\n<strong>zakres:<\/strong> <strong>II NAGRODA<\/strong>, projekt konkursowy<\/p>\n<hr \/>\n<p style=\"text-align: justify;\"><img loading=\"lazy\" decoding=\"async\" class=\"alignnone size-medium wp-image-1191\" src=\"https:\/\/www.pawelbarczyk.pl\/wp-content\/uploads\/2020\/09\/kontekst-300x174.jpg\" alt=\"kontekst\" width=\"300\" height=\"174\" srcset=\"https:\/\/www.pawelbarczyk.pl\/wp-content\/uploads\/2020\/09\/kontekst-300x174.jpg 300w, https:\/\/www.pawelbarczyk.pl\/wp-content\/uploads\/2020\/09\/kontekst-600x349.jpg 600w, https:\/\/www.pawelbarczyk.pl\/wp-content\/uploads\/2020\/09\/kontekst-768x446.jpg 768w, https:\/\/www.pawelbarczyk.pl\/wp-content\/uploads\/2020\/09\/kontekst-1024x595.jpg 1024w, https:\/\/www.pawelbarczyk.pl\/wp-content\/uploads\/2020\/09\/kontekst-500x290.jpg 500w, https:\/\/www.pawelbarczyk.pl\/wp-content\/uploads\/2020\/09\/kontekst-1240x721.jpg 1240w, https:\/\/www.pawelbarczyk.pl\/wp-content\/uploads\/2020\/09\/kontekst-868x505.jpg 868w, https:\/\/www.pawelbarczyk.pl\/wp-content\/uploads\/2020\/09\/kontekst-620x360.jpg 620w, https:\/\/www.pawelbarczyk.pl\/wp-content\/uploads\/2020\/09\/kontekst-434x252.jpg 434w, https:\/\/www.pawelbarczyk.pl\/wp-content\/uploads\/2020\/09\/kontekst-505x294.jpg 505w, https:\/\/www.pawelbarczyk.pl\/wp-content\/uploads\/2020\/09\/kontekst.jpg 1920w\" sizes=\"auto, (max-width: 300px) 100vw, 300px\" \/><\/p>\n<p style=\"text-align: justify;\">Katowicka strefy kultury jest\u00a0 jedn\u0105 z niewielu nowych przestrzeni tego rodzaju powsta\u0142ych w ostatnich latach w Polsce, jest miejscem o du\u017cym znaczeniu kulturowym dla regionu, kraju i zagranicy. Przestrze\u0144 ta wymaga dobrej kontynuacji i szczeg\u00f3lnie uwa\u017cnych dzia\u0142a\u0144 inwestycyjnych zmierzaj\u0105cych do umocnienia ju\u017c zdobytego\u00a0 uznania jako egzemplum architektury wsp\u00f3\u0142czesnej. Lokalizacja w ww. Strefie wielopoziomowego parkingu jest jednocze\u015bnie: konieczno\u015bci\u0105 funkcjonaln\u0105, wielkim wyzwaniem tw\u00f3rczym i\u00a0 szans\u0105 na now\u0105 kreacj\u0119 architektoniczn\u0105.<\/p>\n<p style=\"text-align: justify;\">KONCEPCJA OBIEKTU,<br \/>\nKONTEKST\u00a0 PRZESTRZENNY<br \/>\nParking , o pojemno\u015bci 1400 samochod\u00f3w, zaprojektowano w formie tr\u00f3j-p\u0142aszczyznowej piramidy o 7 poziomach\u00a0 z kulminacj\u0105 w naro\u017cniku p\u00f3\u0142nocno-wschodnim przy skrzy\u017cowaniu ulic G\u00f3reckiego i Haralda. Obiekt ten wraz z istniej\u0105cymi budynkami Narodowej Orkiestry Symfonicznej Polskiego Radia i Mi\u0119dzynarodowym Centrum Kongresowym tworzy urbanistycznie domkni\u0119t\u0105 triad\u0119. Nachylona amfiteatralnie w kierunku po\u0142udniowym p\u0142aszczyzna dachu jest przestrzeni\u0105 dost\u0119pn\u0105 dla ludzi sprzyjaj\u0105c\u0105 integracji spo\u0142ecznej i mog\u0105c\u0105 by\u0107 zar\u00f3wno aren\u0105 wydarze\u0144 kulturalnych jak i miejscem indywidualnych kontemplacji walor\u00f3w natury, wsp\u00f3\u0142czesnej architektury, ekologicznych technologii oraz widoku na panoram\u0119 Katowic. Architektura obiektu prezentuje estetyk\u0119 nowoczesnej infrastruktury technicznej i architektury przemys\u0142owej.<\/p>\n<p style=\"text-align: justify;\">ORGANIZACJA RUCHU,<br \/>\nMIEJSCA PARKINGOWE<br \/>\nWjazdy i wyjazdy do parkingu zapewniono z 3 stron i z 3 poziom\u00f3w: od Ul. Kilara na poziomie 0, od Ul. Haralda na\u00a0 poziomie +1 i od Ul. G\u00f3reckiego na poziomie +2 . Dla wjazdu i wyjazdu zarezerwowano odr\u0119bne ca\u0142e modu\u0142y ( szer. 8,1 m) w celu zmniejszenia prawdopodobie\u0144stwa kolizji w tych newralgicznych miejscach.\u00a0 Wjazdy i wyjazdy trafiaj\u0105 na kondygnacje nr 0, nr +1, nr +2, kt\u00f3re stanowi\u0105 \u015brodek ci\u0119\u017cko\u015bci pojemno\u015bci parkingu co licz\u0105c statystycznie dla ca\u0142ego parkingu skr\u00f3ci drog\u0119 samochodu od wjazdu\u00a0 do miejsca postoju . Ka\u017cda kondygnacja posiada obwodow\u0105, rozprowadzaj\u0105c\u0105 p\u0119tl\u0119 ruchu jednokierunkowego ( jezdnia szeroko\u015bci 5m) po\u0142\u0105czon\u0105 z poprzecznymi dwukierunkowymi dojazdami do miejsc parkowania ( jezdnie szeroko\u015bci 5,7m)\u00a0 i z rampami\u00a0 ruchu dwukierunkowego prowadz\u0105cymi na inne kondygnacje ( szeroko\u015b\u0107\u00a0 jezdni 6,7m, nachylenie rampy 15%). Kwadratowy modu\u0142 konstrukcyjny budynku 8,1x 8,1 pozwala na wariantowe\u00a0 rozmieszczanie miejsc parkingowych w obu prostopad\u0142ych kierunkach i zapewnia wygodn\u0105\u00a0\u00a0 wielko\u015b\u0107 stanowiska\u00a0 2,5mx5,0m, przy jednoczesnym zachowaniu odleg\u0142o\u015b\u0107 od s\u0142upa 0,1m dla skrajnego miejsca. Parking posiada\u00a0 warunki\u00a0 do zamontowania nowoczesnych elektronicznych system\u00f3w zarz\u0105dzania p\u0142atno\u015bciami z aplikacjami np. czytnik\u00f3w numer\u00f3w tablic rejestracyjnych znacznie u\u0142atwiaj\u0105cymi kontrol\u0119 i obs\u0142ug\u0119\u00a0 ruchu na parkingu. W parkingu znajduje si\u0119 10 kas automatycznych\u00a0 rozmieszczonych przy w\u0119z\u0142ach komunikacyjnych\u00a0 dla pieszych i sie\u0107 stacji do \u0142adowania samochod\u00f3w elektrycznych. Przy stanowiskach postojowych dla samochod\u00f3w znajduje si\u0119 okablowanie przystosowane dla monta\u017cu wi\u0119kszej ilo\u015bci stacji \u0142adowania. W parkingu znajduje si\u0119 56 stanowisk dla os\u00f3b niepe\u0142nosprawnych o wymiarach 3,6mx 5,0m.<\/p>\n<p style=\"text-align: justify;\">PARKING OTWARTY<br \/>\nProjektowany obiekt jest parkingiem otwartym spe\u0142niaj\u0105cym nast\u0119puj\u0105ce warunki: ca\u0142kowita powierzchnia otwarta \u015bciany elewacji na ka\u017cdym poziomie jest wi\u0119ksza ni\u017c 35% ca\u0142ej jej powierzchni , odleg\u0142o\u015b\u0107 miedzy przeciwleg\u0142ymi \u015bcianami jest mniejsza ni\u017c 100m a na ka\u017cdym poziomie istniej\u0105 dwie przeciwleg\u0142e \u015bciany z otworami. Poziomy zag\u0142\u0119bione i cz\u0119\u015bciowo zag\u0142\u0119bione s\u0105 przewietrzane z przyleg\u0142ych fos o wymaganych w tym wypadku proporcjach:\u00a0 szeroko\u015b\u0107\/g\u0142\u0119boko\u015b\u0107\u00a0 fosy wynosi 1\/1.<\/p>\n<p style=\"text-align: justify;\">DOST\u0118PNO\u015a\u0106, EWAKUACJA<br \/>\nDoj\u015bcia do parkingu znajduj\u0105 si\u0119 od ulic Kilara i Olimpijskiej z u\u017cyciem kaskadowych klatek schodowych usytuowanych wzd\u0142u\u017c tr\u00f3jk\u0105tnych skrajnych \u015bcian piramidy parkingu i od strony Ul. G\u00f3reckiego z u\u017cyciem klatek schodowych i d\u017awig\u00f3w. Rozmieszczenie wyj\u015b\u0107 z budynku spe\u0142nia wymogi przepis\u00f3w przeciw po\u017carowych i\u00a0 zapewnia prawid\u0142ow\u0105 cyrkulacj\u0119 os\u00f3b pod wzgl\u0119dem funkcjonalnym. Uk\u0142ad przestrzenny\u00a0 zapewnia \u0142atwo\u015b\u0107 dost\u0119pu do wn\u0119trza parkingu zar\u00f3wno dla samochod\u00f3w jak i dla pieszych<\/p>\n<p style=\"text-align: justify;\">DODATKOWE FUNKCJE\u00a0 BUDYNKU,<br \/>\nEKOLOGIA<br \/>\nParking posiada dwie dodatkowe funkcje us\u0142ugowe: na poziomie +1 znajduje si\u0119 fragment rzutu kondygnacji wraz z otwartym zielonym przedpolem-tarasem przystosowanym do adaptacji na\u00a0 us\u0142ugi typu restauracja, klub, sala spotka\u0144 itd. (wysoko\u015b\u0107 kondygnacji w \u015bwietle tej cz\u0119\u015bci budynku wynosi 3m).\u00a0 Na poziomie +7 na szczycie piramidy znajduj\u0105 si\u0119 punkt widokowy i kawiarnia dost\u0119pne niezale\u017cnie z klatki schodowej i windy od ulic Haralda\/G\u00f3reckiego. Ponadto miejsce to jest\u00a0 punktem docelowym po pokonaniu przez zwiedzaj\u0105cego kaskadowych schod\u00f3w usytuowanych wzd\u0142u\u017c obu kraw\u0119dzi budynku. Funkcje us\u0142ugowe s\u0105 wydzielone ze strefy parkowania i posiadaj\u0105 niezale\u017cne systemy wentylacji i klimatyzacji. Na umieszczenie funkcji us\u0142ugowych w wybranych miejscach i na ich bezkolizyjn\u0105 adaptacj\u0119 z w stosunku do przestrzeni parkingu\u00a0 pozwalaj\u0105 tak\u017ce szerokie tarasy ( szer. do 12 m ) usytuowane przed pomieszczeniami us\u0142ug od strony po\u0142udniowej. Inn\u0105 o charakterze ekologicznym dodatkow\u0105 funkcj\u0119 stanowi farma fotowoltaiczna &#8211; \u017ar\u00f3d\u0142o energii\u00a0 odnawialnej .G\u00f3rna po\u0142udniowa cz\u0119\u015b\u0107 piramidy\u00a0 poziomy od +3 do +7 pokryta jest lekkim dachem z systemem paneli fotowoltaicznych. Powierzchnia netto paneli wynosi 4969 m2. Przewidywany zysk energetyczny farmy wynosi 987 000 Kwh\/rok. Realizacja i finansowanie instalacji paneli fotowoltaicznych nie zosta\u0142a uwzgl\u0119dniona w szacunkach koszt\u00f3w realizacji parkingu i mo\u017ce by\u0107 funansowana z funduszy eco-EU lub w systemie partnerstwa publiczno-prywatnego. Dach posiada system odprowadzania wody deszczowej gromadzonej w celu jej wykorzystania do piel\u0119gnacji zieleni. Zbiornik znajduje si\u0119 na poziomie -1 pod placem w naro\u017cniku ulic Kilara i Olimpijskiej.<\/p>\n<p style=\"text-align: justify;\">KONSTRUKCJA\u00a0 I\u00a0 MATERIA\u0141Y<br \/>\nKonstrukcja parkingu-monolityczna, s\u0142upowo ryglowa z ukrytym ryglem w grubo\u015bci stropu. Strop- p\u0142yta monolityczna grubo\u015bci 30cm,\u00a0 beton B37. Zbrojenie\u00a0 pasm podporowych\u00a0 HDB-S \/ kotwy\u00a0 dwu g\u0142\u00f3wkowe\u00a0 (B500 \u017cebrowane lub g\u0142adkie) ze sp\u0119czanymi g\u0142\u00f3wkami. \u017belbetowa\u00a0\u00a0 konstrukcja parkingu oparta jest na kwadratowym module konstrukcyjnym 8,1m x 8,1m, ze zmianami modu\u0142u w miejscach szczeg\u00f3lnych jak np. wsporniki.\u00a0 Stropy\u00a0 wsparte s\u0105 na\u00a0 s\u0142upach o zmiennych wymiarach od 40x40cm do 40x80cm w zale\u017cno\u015bci od kondygnacji.\u00a0 Wysoko\u015b\u0107 kondygnacji brutto wynosi\u00a0 2,8m (2,4 w \u015bwietle). Spadki poprzeczne, dla odprowadzenia wody zapewnia warstwa posadzkowa o gr. od 10cm do 5cm. Budynek posadowiony jest na \u017celbetowej p\u0142ycie o gr. 55 cm . Sztywno\u015b\u0107 przestrzenn\u0105 zapewniaj\u0105 monolityczne piony komunikacyjne klatek schodowych i wind.\u00a0 Lekka konstrukcja dachu wsparta jest na systemie stalowych kratownic\u00a0 poszytych\u00a0 blach\u0105 trapezow\u0105 wysoko fa\u0142dow\u0105 tr 160. Dach jest\u00a0 jednocze\u015bnie pod konstrukcj\u0105 dla systemu\u00a0 paneli fotowoltaicznych. Wype\u0142nienie i zabezpieczenie otwor\u00f3w\u00a0 elewacji p\u00f3\u0142nocnej i wschodniej stanowi\u0105 systemy zgrzewanych siatek stalowych.<\/p>\n<p>&nbsp;<\/p>\n","protected":false},"excerpt":{"rendered":"<p>autorzy: Pawe\u0142 Barczyk, Andrzej Duda wsp\u00f3\u0142praca: Justyna Chowaniec, Katarzyna Kotulska konstrukcja: Witold Doryk lokalizacja: Strefa kultury &#8211; Katowice, Polska projekt: [&hellip;]<\/p>\n","protected":false},"author":1,"featured_media":1186,"comment_status":"open","ping_status":"closed","template":"","meta":{"_acf_changed":false,"site-sidebar-layout":"default","site-content-layout":"","ast-site-content-layout":"default","site-content-style":"default","site-sidebar-style":"default","ast-global-header-display":"","ast-banner-title-visibility":"","ast-main-header-display":"","ast-hfb-above-header-display":"","ast-hfb-below-header-display":"","ast-hfb-mobile-header-display":"","site-post-title":"","ast-breadcrumbs-content":"","ast-featured-img":"","footer-sml-layout":"","theme-transparent-header-meta":"","adv-header-id-meta":"","stick-header-meta":"","header-above-stick-meta":"","header-main-stick-meta":"","header-below-stick-meta":"","astra-migrate-meta-layouts":"default","ast-page-background-enabled":"default","ast-page-background-meta":{"desktop":{"background-color":"var(--ast-global-color-5)","background-image":"","background-repeat":"repeat","background-position":"center center","background-size":"auto","background-attachment":"scroll","background-type":"","background-media":"","overlay-type":"","overlay-color":"","overlay-opacity":"","overlay-gradient":""},"tablet":{"background-color":"","background-image":"","background-repeat":"repeat","background-position":"center center","background-size":"auto","background-attachment":"scroll","background-type":"","background-media":"","overlay-type":"","overlay-color":"","overlay-opacity":"","overlay-gradient":""},"mobile":{"background-color":"","background-image":"","background-repeat":"repeat","background-position":"center center","background-size":"auto","background-attachment":"scroll","background-type":"","background-media":"","overlay-type":"","overlay-color":"","overlay-opacity":"","overlay-gradient":""}},"ast-content-background-meta":{"desktop":{"background-color":"var(--ast-global-color-4)","background-image":"","background-repeat":"repeat","background-position":"center center","background-size":"auto","background-attachment":"scroll","background-type":"","background-media":"","overlay-type":"","overlay-color":"","overlay-opacity":"","overlay-gradient":""},"tablet":{"background-color":"var(--ast-global-color-4)","background-image":"","background-repeat":"repeat","background-position":"center center","background-size":"auto","background-attachment":"scroll","background-type":"","background-media":"","overlay-type":"","overlay-color":"","overlay-opacity":"","overlay-gradient":""},"mobile":{"background-color":"var(--ast-global-color-4)","background-image":"","background-repeat":"repeat","background-position":"center center","background-size":"auto","background-attachment":"scroll","background-type":"","background-media":"","overlay-type":"","overlay-color":"","overlay-opacity":"","overlay-gradient":""}},"footnotes":""},"portfolio_category":[16,18],"portfolio_tag":[],"class_list":["post-1175","portfolio","type-portfolio","status-publish","has-post-thumbnail","hentry","portfolio_category-architektura","portfolio_category-urbanistyka"],"acf":[],"_links":{"self":[{"href":"https:\/\/www.pawelbarczyk.pl\/index.php\/wp-json\/wp\/v2\/portfolio\/1175","targetHints":{"allow":["GET"]}}],"collection":[{"href":"https:\/\/www.pawelbarczyk.pl\/index.php\/wp-json\/wp\/v2\/portfolio"}],"about":[{"href":"https:\/\/www.pawelbarczyk.pl\/index.php\/wp-json\/wp\/v2\/types\/portfolio"}],"author":[{"embeddable":true,"href":"https:\/\/www.pawelbarczyk.pl\/index.php\/wp-json\/wp\/v2\/users\/1"}],"replies":[{"embeddable":true,"href":"https:\/\/www.pawelbarczyk.pl\/index.php\/wp-json\/wp\/v2\/comments?post=1175"}],"version-history":[{"count":23,"href":"https:\/\/www.pawelbarczyk.pl\/index.php\/wp-json\/wp\/v2\/portfolio\/1175\/revisions"}],"predecessor-version":[{"id":1217,"href":"https:\/\/www.pawelbarczyk.pl\/index.php\/wp-json\/wp\/v2\/portfolio\/1175\/revisions\/1217"}],"wp:featuredmedia":[{"embeddable":true,"href":"https:\/\/www.pawelbarczyk.pl\/index.php\/wp-json\/wp\/v2\/media\/1186"}],"wp:attachment":[{"href":"https:\/\/www.pawelbarczyk.pl\/index.php\/wp-json\/wp\/v2\/media?parent=1175"}],"wp:term":[{"taxonomy":"portfolio_category","embeddable":true,"href":"https:\/\/www.pawelbarczyk.pl\/index.php\/wp-json\/wp\/v2\/portfolio_category?post=1175"},{"taxonomy":"portfolio_tag","embeddable":true,"href":"https:\/\/www.pawelbarczyk.pl\/index.php\/wp-json\/wp\/v2\/portfolio_tag?post=1175"}],"curies":[{"name":"wp","href":"https:\/\/api.w.org\/{rel}","templated":true}]}}